{"id":101,"date":"2018-06-15T16:56:03","date_gmt":"2018-06-15T14:56:03","guid":{"rendered":"http:\/\/zupe-igrane-drasnice.com\/?page_id=101"},"modified":"2026-08-22T09:14:05","modified_gmt":"2026-08-22T07:14:05","slug":"vjeronauk","status":"publish","type":"page","link":"https:\/\/zupe-igrane-drasnice.com\/?page_id=101","title":{"rendered":"Obavijesti"},"content":{"rendered":"\n<p class=\"wp-block-paragraph\">Poziv na pomo\u0107 stradalima u po\u017earu u Omi\u0161u<\/p>\n\n\n\n<p class=\"wp-block-paragraph\">Po\u0161tovani i dragi \u017eupnici,<br>u proteklim danima po\u017ear na podru\u010dju Omi\u0161a i Lokve Rogoznice pogodio je mnoge obitelji i<br>pojedinace, ostavljaju\u0107i iza sebe velike materijalne gubitke i te\u0161ke \u017eivotne okolnosti.<br>U ovim trenucima pozvani smo iskazati bratsku ljubav, kr\u0161\u0107ansku solidarnost i blizinu<br>onima koji su se na\u0161li u stvarnoj potrebi. Na\u0161a vjera poziva nas da ljubav prema bli\u017enjemu<br>ne ostane samo na rije\u010dima, nego da se o\u010dituje konkretnim djelima.<br>Stoga Caritas Splitsko-makarske nadbiskupije pokre\u0107e prikupljanje nov\u010danih sredstava za<br>pomo\u0107 stradalima u po\u017earu. Prikupljena sredstva bit \u0107e usmjerena prvenstveno prema<br>onima koji su u po\u017earu ostali bez svoga doma, osnovnih \u017eivotnih uvjeta i sredstava<br>potrebnih za svakodnevni \u017eivot.<br>Pozivamo Vas da, prema mogu\u0107nostima, potaknete svoje \u017eupljane na sudjelovanje. Svaki<br>dar, bez obzira na njegovu veli\u010dinu, znak je ljubavi, zajedni\u0161tva i nade.<br>Zahvaljujemo na Va\u0161oj otvorenosti i brizi za potrebite. Neka Gospodin blagoslovi svaki dar i<br>svakoga tko ga daruje.<\/p>\n\n\n\n<p class=\"wp-block-paragraph\">PODACI ZA UPLATU<br>Primatelj: Caritas Splitsko-<br>makarske nadbiskupije \u2013 Omi\u0161<br>IBAN: HR50 2340 0091 5111 9928 6<br>Opis pla\u0107anja: Pomo\u0107 za stradale u po\u017earu \u2013 Omi\u0161<br>Za jednostavniju uplatu mogu\u0107e je koristiti 2D barkod. Potrebno je otvoriti aplikaciju<br>mobilnog bankarstva, odabrati opciju za skeniranje 2D barkoda te kamerom skenirati kod.<br>Podaci za uplatu automatski \u0107e se u\u010ditati u nalog, nakon \u010dega ih je potrebno provjeriti i<br>potvrditi uplatu.<\/p>\n\n\n\n<p class=\"wp-block-paragraph\">Denis Maslov<br>ravnatelj Caritasa<\/p>\n\n\n\n<p class=\"wp-block-paragraph\"><\/p>\n\n\n\n<p class=\"wp-block-paragraph\"><\/p>\n\n\n\n<p class=\"wp-block-paragraph\"><\/p>\n\n\n\n<p class=\"wp-block-paragraph\"><\/p>\n\n\n\n<p class=\"wp-block-paragraph\"><\/p>\n\n\n\n<p class=\"wp-block-paragraph\"><\/p>\n\n\n\n<p class=\"wp-block-paragraph\"><\/p>\n\n\n\n<p class=\"wp-block-paragraph\">Peti nacionalni susret hrvatskih katoli\u010dkih obitelji<\/p>\n\n\n\n<p class=\"wp-block-paragraph\"><\/p>\n\n\n\n<p class=\"wp-block-paragraph\">Draga bra\u0107o,<\/p>\n\n\n\n<p class=\"wp-block-paragraph\">divno je \u0161to \u0107e se ponovno susresti na\u0161e hrvatske katoli\u010dke obitelji, ove godine u sveti\u0161tu Gospe od Uto\u010di\u0161ta u Aljma\u0161u!<\/p>\n\n\n\n<p class=\"wp-block-paragraph\">Svi znamo da je to jako te\u0161ko organizirati, a ostalo nam je vrlo malo vremena.<\/p>\n\n\n\n<p class=\"wp-block-paragraph\"> Kako bismo vam olak\u0161ali prijavu, pripremili smo za vas digitalni obrazac na ovom linku:<\/p>\n\n\n\n<figure class=\"wp-block-image\"><img decoding=\"async\" src=\"https:\/\/mail.google.com\/mail\/u\/0?ui=2&amp;ik=3113aa7454&amp;attid=0.0.1&amp;permmsgid=msg-f:1867599681627455256&amp;th=19eb0c03f6097f18&amp;view=fimg&amp;fur=ip&amp;permmsgid=msg-f:1867599681627455256&amp;sz=s0-l75-ft&amp;attbid=ANGjdJ8sl5HhI3aJmuXFbRoB4UYYGX0gwwDlTrEQ3yiM8qr37d-JD-hwD44lIM_-vUTOcYhMaGCe6Ywa6bFY6-PBJtpXdCB7HgYr4-fXB9ozRCDD5L5zYaAhnJsK_Zo&amp;disp=emb&amp;realattid=ii_mq7u37b62&amp;zw\" alt=\"12.jpg\"\/><\/figure>\n\n\n\n<p class=\"wp-block-paragraph\">U hodu \u0107emo zajedno vidjeti kako organizirati autobuse za one koji ne budu i\u0161li osobnim automobilima. Lijepi je dar Bo\u017eji \u0161to nas obitelji u \u0110akova\u010dko-osje\u010dkoj nadbiskupiji o\u010dekuju sa smje\u0161tajem i dobrim slavonskim jelima.<\/p>\n\n\n\n<p class=\"wp-block-paragraph\">Prijave su najkasnije do 30. 1. 9. 2026., a sam susret se odr\u017eava 19. i 20. rujna 2026. u Osijeku i Aljma\u0161u.<\/p>\n\n\n\n<p class=\"wp-block-paragraph\">Sve informacije na: 095 504 4653 (Jelena) i na mail:&nbsp;<a href=\"mailto:shko.susret@gmail.com\" target=\"_blank\" rel=\"noreferrer noopener\">shko.susret@gmail.com<\/a><\/p>\n\n\n\n<p class=\"wp-block-paragraph\">Mir!<br><\/p>\n\n\n\n<p class=\"wp-block-paragraph\"><\/p>\n\n\n\n<p class=\"wp-block-paragraph\"><\/p>\n\n\n\n<h1 class=\"wp-block-heading\">Papa proglasio posebnu franjeva\u010dku jubilarnu godinu<\/h1>\n\n\n\n<p class=\"wp-block-paragraph\">12. sije\u010dnja 2026.<\/p>\n\n\n\n<p class=\"wp-block-paragraph\">S rado\u0161\u0107u objavljujemo progla\u0161enje Dekreta kojim se ustanovljava posebna jubilarna godina u spomen na 800. obljetnicu prijelaza svetog Franje Asi\u0161kog. Njegova Svetost Papa Lav XIV. odredio je da se od 10. sije\u010dnja 2026. do 10. sije\u010dnja 2027. slavi ova Godina svetog Franje, tijekom koje su svi kr\u0161\u0107anski vjernici pozvani slijediti primjer Svetca iz Asiza, postaju\u0107i uzori svetosti \u017eivota i neumoljivi svjedoci mira. Apostolska pokorni\u010darna dodjeljuje potpuni oprost, pod uobi\u010dajenim uvjetima, svima koji pobo\u017eno sudjeluju u ovom izvanrednom Jubileju, koji predstavlja idealan nastavak redovitog Jubileja 2025.<\/p>\n\n\n\n<p class=\"wp-block-paragraph\">Ova jubilarna godina namijenjena je posebno \u010dlanovima franjeva\u010dkih obitelji Prvog, Drugog i Tre\u0107eg samostanskog i svjetovnog reda, kao i Institutima posve\u0107enog \u017eivota, Dru\u0161tvima apostolskog \u017eivota i Udrugama koje se pridr\u017eavaju Pravila svetog Franje ili se nadahnjuju njegovom duhovno\u0161\u0107u. Me\u0111utim, milost ove posebne godine prote\u017ee se i na sve vjernike, bez razlike, koji, s du\u0161om odvojenom od grijeha, posjete u obliku hodo\u010da\u0161\u0107a bilo koju franjeva\u010dku samostansku crkvu ili bogoslu\u017eno mjesto posve\u0107eno svetom Franji u bilo kojem dijelu svijeta. Starije osobe, bolesnici i oni koji zbog ozbiljnih razloga ne mogu iza\u0107i iz ku\u0107e, jednako mogu ste\u0107i potpuni oprost duhovno se pridru\u017euju\u0107i jubilarnim slavljima i prinose\u0107i Bogu svoje molitve, svoje boli i svoje patnje.<\/p>\n\n\n\n<p class=\"wp-block-paragraph\">U ovom vremenu slavlja, koje kruni osam stolje\u0107a franjeva\u010dkog sje\u0107anja, srda\u010dno pozivamo sve vjernike da aktivno sudjeluju u ovom iznimnom Jubileju. Svijetli primjer svetog Franje, koji se znao u\u010diniti siroma\u0161nim i poniznim kako bi bio istinski&nbsp;<em>alter Christus<\/em>&nbsp;na zemlji, neka nadahne na\u0161a srca da \u017eivimo u autenti\u010dnoj kr\u0161\u0107anskoj ljubavi prema bli\u017enjemu i s iskrenim \u017eeljama za skladom i mirom me\u0111u narodima. Stopama Siroma\u0161ka iz Asiza, pretvorimo nadu koja nas je u\u010dinila hodo\u010dasnicima tijekom Svete godine u \u017ear i revnost djelotvorne ljubavi. Ova Godina svetog Franje neka bude za svakoga od nas providnosna prilika za posve\u0107enje i evan\u0111eosko svjedo\u010danstvo u suvremenom svijetu, na slavu Bo\u017eju i za dobro cijele Crkve.<\/p>\n\n\n\n<hr class=\"wp-block-separator has-alpha-channel-opacity\"\/>\n\n\n\n<p class=\"wp-block-paragraph\"><strong>Uvjeti za primanje oprosta<\/strong><\/p>\n\n\n\n<p class=\"wp-block-paragraph\">(za sebe ili za pokojnike)<\/p>\n\n\n\n<ul class=\"wp-block-list\">\n<li>Sakramentalna&nbsp;<strong>ispovijed<\/strong>&nbsp;kako bi se bilo u stanju milosti (u osam dana prije ili poslije);<\/li>\n\n\n\n<li>Sudjelovanje na misi i primanje&nbsp;<strong>svete pri\u010desti<\/strong>;<\/li>\n\n\n\n<li>Posjetiti u obliku hodo\u010da\u0161\u0107a bilo koju franjeva\u010dku samostansku crkvu ili bogoslu\u017eno mjesto posve\u0107eno svetom Franji u bilo kojem dijelu svijeta, gdje se obnavlja ispovijest vjere molitvom&nbsp;<strong>Vjerovanja<\/strong>, kako bi se ponovno potvrdio vlastiti kr\u0161\u0107anski identitet;<\/li>\n\n\n\n<li>Molitva&nbsp;<strong>O\u010dena\u0161a<\/strong>, kako bi se ponovno potvrdilo vlastito dostojanstvo djece Bo\u017eje, primljeno u kr\u0161tenju;<\/li>\n\n\n\n<li>Jedna molitva prema&nbsp;<strong>nakanama Pape<\/strong>, kako bi se ponovno potvrdila vlastita pripadnost Crkvi, \u010diji je temelj i vidljivo sredi\u0161te jedinstva Rimski prvosve\u0107enik.<\/li>\n<\/ul>\n\n\n\n<p class=\"wp-block-paragraph\">Izvor:&nbsp;<a href=\"https:\/\/ofm.org\/papa-leone-xiv-proclama-l-anno-giubilare-francescano.html\" target=\"_blank\" rel=\"noreferrer noopener\">ofm.org<\/a><\/p>\n\n\n\n<p class=\"wp-block-paragraph\"><a target=\"_blank\" href=\"https:\/\/api.whatsapp.com\/send?text=*Papa%20proglasio%20posebnu%20franjeva%C4%8Dku%20jubilarnu%20godinu*nS%20rado%C5%A1%C4%87u%20objavljujemo%20progla%C5%A1enje%20Dekreta%20kojim%20se%20ustanovljava%20posebna%20jubilarna%20godina%20u%20spomen%20na%20800.%20obljetnicu%20prijelaza%20svetog%20Franje%20Asi%C5%A1kog.%20Njegova%20Svetost%20Papa%20Lav%20XIV.%20odredio%20je%20da%20se%20od%2010.%20sije%C4%8Dnja%202026.%20do%2010.%20sije%C4%8Dnja%202027.%20slavi%20ova%20Godina%20svetog%20Franje,%20tijekom%20koje%20su%20svi%20kr%C5%A1%C4%87anski%20vjernici%20pozvani%20slijediti%20primjer%20Svetca%20iz%20Asiza,%20postaju%C4%87i%20uzori%20svetosti%20%C5%BEivota%20i%20neumoljivi%20svjedoci%20mira.%20Apostolska%20pokorni%C4%8Darna%20dodjeljuje%20potpuni%20oprost,%20pod%20uobi%C4%8Dajenim%20uvjetima,%20svima%20koji%20pobo%C5%BEno%20sudjeluju%20u%20ovom%20izvanrednom%20Jubileju,%20koji%20predstavlja%20idealan%20nastavak%20redovitog%20Jubileja%202025.%20Ova%20jubilarna%20godina%20namijenjena%20je%20posebno%20%C4%8Dlanovima%20franjeva%C4%8Dkih%20obitelji%20Prvog,%20Drugog%20i%20Tre%C4%87eg%20samostanskog%20i%20svjetovnog%20reda,%20kao%20i%20Institutima%20posve%C4%87enog%20%C5%BEivota,%20Dru%C5%A1tvima%20apostolskog%20%C5%BEivota%20i%20Udrugama%20koje%20se%20pridr%C5%BEavaju%20Pravila%20svetog%20Franje%20ili%20se%20nadahnjuju%20njegovom%20duhovno%C5%A1%C4%87u.%20Me%C4%91utim,%20milost%20ove%20posebne%20godine%20prote%C5%BEe%20se%20i%20na%20sve%20vjernike,%20bez%20razlike,%20koji,%20s%20du%C5%A1om%20odvojenom%20od%20grijeha,%20posjete%20u%20obliku%20hodo%C4%8Da%C5%A1%C4%87a%20bilo%20koju%20franjeva%C4%8Dku%20samostansku%20crkvu%20ili%20bogoslu%C5%BEno%20mjesto%20posve%C4%87eno%20svetom%20Franji%20u%20bilo%20kojem%20dijelu%20svijeta.%20Starije%20osobe,%20bolesnici%20i%20oni%20koji%20zbog%20ozbiljnih%20razloga%20ne%20mogu%20iza%C4%87i%20iz%20ku%C4%87e,%20jednako%20mogu%20ste%C4%87i%20potpuni%20oprost%20duhovno%20se%20pridru%C5%BEuju%C4%87i%20jubilarnim%20slavljima%20i%20prinose%C4%87i%20Bogu%20svoje%20molitve,%20svoje%20boli%20i%20svoje%20patnje.%20U%20ovom%20vremenu%20slavlja,%20koje%20kruni%20osam%20stolje%C4%87a%20franjeva%C4%8Dkog%20sje%C4%87anja,%20srda%C4%8Dno%20pozivamo%20sve%20vjernike%20da%20aktivno%20sudjeluju%20u%20ovom%20iznimnom%20Jubileju.%20Svijetli%20primjer%20svetog%20Franje,%20koji%20se%20znao%20u%C4%8Diniti%20siroma%C5%A1nim%20i%20poniznim%20kako%20bi%20bio%20istinski%20alter%20Christus%20na%20zemlji,%20neka%20nadahne%20na%C5%A1a%20srca%20da%20%C5%BEivimo%20u%20autenti%C4%8Dnoj%20kr%C5%A1%C4%87anskoj%20ljubavi%20prema%20bli%C5%BEnjemu%20i%20s%20iskrenim%20%C5%BEeljama%20za%20skladom%20i%20mirom%20me%C4%91u%20narodima.%20Stopama%20Siroma%C5%A1ka%20iz%20Asiza,%20pretvorimo%20nadu%20koja%20nas%20je%20u%C4%8Dinila%20hodo%C4%8Dasnicima%20tijekom%20Svete%20godine%20u%20%C5%BEar%20i%20revnost%20djelotvorne%20ljubavi.%20Ova%20Godina%20svetog%20Franje%20neka%20bude%20za%20svakoga%20od%20nas%20providnosna%20prilika%20za%20posve%C4%87enje%20i%20evan%C4%91eosko%20svjedo%C4%8Danstvo%20u%20suvremenom%20svijetu,%20na%20slavu%20Bo%C5%BEju%20i%20za%20dobro%20cijele%20Crkve.%20Uvjeti%20za%20primanje%20oprosta%20(za%20sebe%20ili%20za%20pokojnike)%20Sakramentalna%20ispovijed%20kako%20bi%20se%20bilo%20u%20stanju%20milosti%20(u%20osam%20dana%20prije%20ili%20poslije);%20Sudjelovanje%20na%20misi%20i%20primanje%20svete%20pri%C4%8Desti;%20Posjetiti%20u%20obliku%20hodo%C4%8Da%C5%A1%C4%87a%20bilo%20koju%20franjeva%C4%8Dku%20samostansku%20crkvu%20ili%20bogoslu%C5%BEno%20mjesto%20posve%C4%87eno%20svetom%20Franji%20u%20bilo%20kojem%20dijelu%20svijeta,%20gdje%20se%20obnavlja%20ispovijest%20vjere%20molitvom%20Vjerovanja,%20kako%20bi%20se%20ponovno%20potvrdio%20vlastiti%20kr%C5%A1%C4%87anski%20identitet;%20Molitva%20O%C4%8Dena%C5%A1a,%20kako%20bi%20se%20ponovno%20potvrdilo%20vlastito%20dostojanstvo%20djece%20Bo%C5%BEje,%20primljeno%20u%20kr%C5%A1tenju;%20Jedna%20molitva%20prema%20nakanama%20Pape,%20kako%20bi%20se%20ponovno%20potvrdila%20vlastita%20pripadnost%20Crkvi,%20%C4%8Diji%20je%20temelj%20i%20vidljivo%20sredi%C5%A1te%20jedinstva%20Rimski%20prvosve%C4%87enik.%20Izvor:%20ofm.orgnhttps:\/\/www.franjevci-split.hr\/papa-proglasio-posebnu-franjevacku-jubilarnu-godinu\/\" rel=\"noreferrer noopener\"><\/a><a href=\"https:\/\/www.franjevci-split.hr\/bozic-u-zagrebackoj-zupi-majke-bozje-lurdske\/\"><\/a><\/p>\n\n\n\n<p class=\"wp-block-paragraph\"><\/p>\n\n\n\n<figure class=\"wp-block-image size-large\"><img loading=\"lazy\" decoding=\"async\" width=\"724\" height=\"1024\" src=\"https:\/\/zupe-igrane-drasnice.com\/wp-content\/uploads\/2022\/12\/Cijenik-A39592-724x1024.png\" alt=\"\" class=\"wp-image-1750\" srcset=\"https:\/\/zupe-igrane-drasnice.com\/wp-content\/uploads\/2022\/12\/Cijenik-A39592-724x1024.png 724w, https:\/\/zupe-igrane-drasnice.com\/wp-content\/uploads\/2022\/12\/Cijenik-A39592-212x300.png 212w, https:\/\/zupe-igrane-drasnice.com\/wp-content\/uploads\/2022\/12\/Cijenik-A39592-768x1087.png 768w, https:\/\/zupe-igrane-drasnice.com\/wp-content\/uploads\/2022\/12\/Cijenik-A39592.png 826w\" sizes=\"auto, (max-width: 724px) 100vw, 724px\" \/><\/figure>\n\n\n\n<figure class=\"wp-block-image size-large\"><img loading=\"lazy\" decoding=\"async\" width=\"724\" height=\"1024\" src=\"https:\/\/zupe-igrane-drasnice.com\/wp-content\/uploads\/2022\/12\/Cijenik-B39593-724x1024.png\" alt=\"\" class=\"wp-image-1751\" srcset=\"https:\/\/zupe-igrane-drasnice.com\/wp-content\/uploads\/2022\/12\/Cijenik-B39593-724x1024.png 724w, https:\/\/zupe-igrane-drasnice.com\/wp-content\/uploads\/2022\/12\/Cijenik-B39593-212x300.png 212w, https:\/\/zupe-igrane-drasnice.com\/wp-content\/uploads\/2022\/12\/Cijenik-B39593-768x1087.png 768w, https:\/\/zupe-igrane-drasnice.com\/wp-content\/uploads\/2022\/12\/Cijenik-B39593.png 826w\" sizes=\"auto, (max-width: 724px) 100vw, 724px\" \/><\/figure>\n","protected":false},"excerpt":{"rendered":"<p>Poziv na pomo\u0107 stradalima u po\u017earu u Omi\u0161u Po\u0161tovani i dragi \u017eupnici,u proteklim danima po\u017ear na podru\u010dju Omi\u0161a i Lokve Rogoznice pogodio je mnoge obitelji ipojedinace, ostavljaju\u0107i iza sebe velike [&hellip;]<\/p>\n","protected":false},"author":1,"featured_media":0,"parent":0,"menu_order":0,"comment_status":"closed","ping_status":"closed","template":"","meta":{"footnotes":""},"class_list":["post-101","page","type-page","status-publish","hentry"],"_links":{"self":[{"href":"https:\/\/zupe-igrane-drasnice.com\/index.php?rest_route=\/wp\/v2\/pages\/101","targetHints":{"allow":["GET"]}}],"collection":[{"href":"https:\/\/zupe-igrane-drasnice.com\/index.php?rest_route=\/wp\/v2\/pages"}],"about":[{"href":"https:\/\/zupe-igrane-drasnice.com\/index.php?rest_route=\/wp\/v2\/types\/page"}],"author":[{"embeddable":true,"href":"https:\/\/zupe-igrane-drasnice.com\/index.php?rest_route=\/wp\/v2\/users\/1"}],"replies":[{"embeddable":true,"href":"https:\/\/zupe-igrane-drasnice.com\/index.php?rest_route=%2Fwp%2Fv2%2Fcomments&post=101"}],"version-history":[{"count":50,"href":"https:\/\/zupe-igrane-drasnice.com\/index.php?rest_route=\/wp\/v2\/pages\/101\/revisions"}],"predecessor-version":[{"id":2291,"href":"https:\/\/zupe-igrane-drasnice.com\/index.php?rest_route=\/wp\/v2\/pages\/101\/revisions\/2291"}],"wp:attachment":[{"href":"https:\/\/zupe-igrane-drasnice.com\/index.php?rest_route=%2Fwp%2Fv2%2Fmedia&parent=101"}],"curies":[{"name":"wp","href":"https:\/\/api.w.org\/{rel}","templated":true}]}}